{"id":9163,"date":"2025-03-26T12:15:01","date_gmt":"2025-03-26T11:15:01","guid":{"rendered":"https:\/\/pgl.pl\/bulletin-pgl-vol-2\/eu-aviation-competitiveness-and-environmental-challenges-prospects-for-the-polish-presidency\/"},"modified":"2025-03-26T12:15:04","modified_gmt":"2025-03-26T11:15:04","slug":"eu-aviation-competitiveness-and-environmental-challenges-prospects-for-the-polish-presidency-2","status":"publish","type":"page","link":"https:\/\/pgl.pl\/en\/biuletyn-pgl-vol-3\/eu-aviation-competitiveness-and-environmental-challenges-prospects-for-the-polish-presidency-2\/","title":{"rendered":"EU Aviation Competitiveness and Environmental Challenges: Prospects for the Polish Presidency"},"content":{"rendered":"\t\t<div data-elementor-type=\"wp-page\" data-elementor-id=\"9163\" class=\"elementor elementor-9163 elementor-9162\">\n\t\t\t\t\t\t<section class=\"elementor-section elementor-top-section elementor-element elementor-element-aa8a51a elementor-section-boxed elementor-section-height-default elementor-section-height-default\" data-id=\"aa8a51a\" data-element_type=\"section\">\n\t\t\t\t\t\t<div class=\"elementor-container elementor-column-gap-no\">\n\t\t\t\t\t<div class=\"elementor-column elementor-col-100 elementor-top-column elementor-element elementor-element-05f64b9\" data-id=\"05f64b9\" data-element_type=\"column\">\n\t\t\t<div class=\"elementor-widget-wrap elementor-element-populated\">\n\t\t\t\t\t\t<div class=\"elementor-element elementor-element-dc43e8e elementor-widget elementor-widget-image\" data-id=\"dc43e8e\" data-element_type=\"widget\" data-widget_type=\"image.default\">\n\t\t\t\t<div class=\"elementor-widget-container\">\n\t\t\t\t\t\t\t\t\t\t\t\t\t<img fetchpriority=\"high\" decoding=\"async\" width=\"2157\" height=\"362\" src=\"https:\/\/pgl.pl\/wp-content\/uploads\/2025\/02\/konkurencyjnosc.png\" class=\"attachment-full size-full wp-image-8356\" alt srcset=\"https:\/\/pgl.pl\/wp-content\/uploads\/2025\/02\/konkurencyjnosc.png 2157w, https:\/\/pgl.pl\/wp-content\/uploads\/2025\/02\/konkurencyjnosc-300x50.png 300w, https:\/\/pgl.pl\/wp-content\/uploads\/2025\/02\/konkurencyjnosc-1024x172.png 1024w, https:\/\/pgl.pl\/wp-content\/uploads\/2025\/02\/konkurencyjnosc-768x129.png 768w, https:\/\/pgl.pl\/wp-content\/uploads\/2025\/02\/konkurencyjnosc-1536x258.png 1536w, https:\/\/pgl.pl\/wp-content\/uploads\/2025\/02\/konkurencyjnosc-2048x344.png 2048w, https:\/\/pgl.pl\/wp-content\/uploads\/2025\/02\/konkurencyjnosc-1920x322.png 1920w\" sizes=\"(max-width: 2157px) 100vw, 2157px\">\t\t\t\t\t\t\t\t\t\t\t\t\t<\/div>\n\t\t\t\t<\/div>\n\t\t\t\t\t<\/div>\n\t\t<\/div>\n\t\t\t\t\t<\/div>\n\t\t<\/section>\n\t\t\t\t<section class=\"elementor-section elementor-top-section elementor-element elementor-element-fb18d3a elementor-section-boxed elementor-section-height-default elementor-section-height-default\" data-id=\"fb18d3a\" data-element_type=\"section\">\n\t\t\t\t\t\t<div class=\"elementor-container elementor-column-gap-default\">\n\t\t\t\t\t<div class=\"elementor-column elementor-col-33 elementor-top-column elementor-element elementor-element-28e24d8\" data-id=\"28e24d8\" data-element_type=\"column\">\n\t\t\t<div class=\"elementor-widget-wrap elementor-element-populated\">\n\t\t\t\t\t\t<div class=\"elementor-element elementor-element-52e60b6 elementor-widget elementor-widget-text-editor\" data-id=\"52e60b6\" data-element_type=\"widget\" data-widget_type=\"text-editor.default\">\n\t\t\t\t<div class=\"elementor-widget-container\">\n\t\t\t\t\t\t\t<p><strong>Lotnictwo od lat pozostaje jedn\u0105 z&nbsp;najwa\u017cniejszych ga\u0142\u0119zi gospodarki Unii Europejskiej. W&nbsp;roku 2023<a href=\"#przypisy\" name=\"_ftnref1\"><sup>[1]<\/sup><\/a>&nbsp;sektor zatrudnia\u0142 bezpo\u015brednio dwa miliony os\u00f3b, przynosz\u0105c 174 mld euro do unijnego PKB. Jednak wp\u0142yw gospodarczy lotnictwa znacznie wykracza poza sam\u0105 nominaln\u0105 bran\u017c\u0119. Nale\u017cy go ocenia\u0107&nbsp;w&nbsp;ca\u0142o\u015bciowym kontek\u015bcie, bior\u0105cym pod uwag\u0119 \u0142a\u0144cuchy dostaw, koszty pracownicze i&nbsp;przede wszystkim zyski pochodz\u0105ce z&nbsp;sektora turystycznego nap\u0119dzanego przez transport lotniczy. Przyjmuj\u0105c tak\u0105 metodologi\u0119,&nbsp;zobaczymy, \u017ce wp\u0142yw lotnictwa na gospodark\u0119 UE si\u0119ga 760 mld euro i&nbsp;9,2 mln miejsc pracy. To 4,4 proc. europejskiego zatrudnienia oraz 4,5 proc.&nbsp;PKB.<\/strong><\/p>\n\t\t\t\t\t\t<\/div>\n\t\t\t\t<\/div>\n\t\t\t\t<div class=\"elementor-element elementor-element-d3d410d elementor-widget elementor-widget-text-editor\" data-id=\"d3d410d\" data-element_type=\"widget\" data-widget_type=\"text-editor.default\">\n\t\t\t\t<div class=\"elementor-widget-container\">\n\t\t\t\t\t\t\t<p>Prognozy Oxford Economics zak\u0142adaj\u0105, \u017ce do 2043 r. szeroko rozumiane lotnictwo i&nbsp;turystyka b\u0119d\u0105 zapewnia\u0142y nawet do 14 mln miejsc pracy i&nbsp;generowa\u0142y 1,5 bln euro PKB. Nie oznacza to jednak, \u017ce przysz\u0142o\u015b\u0107 unijnego sektora lotniczego rysuje si\u0119 wy\u0142\u0105cznie w&nbsp;r\u00f3\u017cowych barwach \u2013 jednym z&nbsp;najwi\u0119kszych wyzwa\u0144 pozostaje utrzymanie jego globalnej konkurencyjno\u015bci, co przy ambitnych, a&nbsp;tym samym kosztownych celach \u015brodowiskowych Unii Europejskiej rodzi dylemat wymagaj\u0105cy politycznego rozwi\u0105zania na najwy\u017cszym szczeblu.<\/p>\n\t\t\t\t\t\t<\/div>\n\t\t\t\t<\/div>\n\t\t\t\t<div class=\"elementor-element elementor-element-cb06867 elementor-widget-divider--view-line elementor-widget elementor-widget-divider\" data-id=\"cb06867\" data-element_type=\"widget\" data-widget_type=\"divider.default\">\n\t\t\t\t<div class=\"elementor-widget-container\">\n\t\t\t\t\t<div class=\"elementor-divider\">\n\t\t\t<span class=\"elementor-divider-separator\">\n\t\t\t\t\t\t<\/span>\n\t\t<\/div>\n\t\t\t\t<\/div>\n\t\t\t\t<\/div>\n\t\t\t\t<div class=\"elementor-element elementor-element-32ab39a elementor-widget elementor-widget-text-editor\" data-id=\"32ab39a\" data-element_type=\"widget\" data-widget_type=\"text-editor.default\">\n\t\t\t\t<div class=\"elementor-widget-container\">\n\t\t\t\t\t\t\t<p><strong>\u201eGotowi na&nbsp;55\u201d<\/strong><\/p>\n\t\t\t\t\t\t<\/div>\n\t\t\t\t<\/div>\n\t\t\t\t<div class=\"elementor-element elementor-element-365cca4 elementor-widget elementor-widget-text-editor\" data-id=\"365cca4\" data-element_type=\"widget\" data-widget_type=\"text-editor.default\">\n\t\t\t\t<div class=\"elementor-widget-container\">\n\t\t\t\t\t\t\t<p>Cele unijnej polityki klimatycznej zapisano w&nbsp;pakiecie \u201eGotowi na 55\u201d<br>(\u201eFit for 55\u201d) przedstawionym przez Komisj\u0119 Europejsk\u0105 w&nbsp;2021 r. W&nbsp;jego sk\u0142ad wchodz\u0105 liczne wnioski ustawodawcze (cz\u0119\u015b\u0107 z&nbsp;nich zosta\u0142a ju\u017c wdro\u017cona), kt\u00f3re maj\u0105 ustanawia\u0107 nowe inicjatywy i&nbsp;zmienia\u0107 przepisy tak, aby polityka UE by\u0142a zgodna z&nbsp;celem klimatycznym, jakim jest osi\u0105gni\u0119cie redukcji emisji o&nbsp;co najmniej 55 proc. do 2030 r. (w por\u00f3wnaniu do emisji z&nbsp;roku 1990).<\/p>\n\t\t\t\t\t\t<\/div>\n\t\t\t\t<\/div>\n\t\t\t\t<div class=\"elementor-element elementor-element-1b21aa0 elementor-widget elementor-widget-text-editor\" data-id=\"1b21aa0\" data-element_type=\"widget\" data-widget_type=\"text-editor.default\">\n\t\t\t\t<div class=\"elementor-widget-container\">\n\t\t\t\t\t\t\t<p>W ramach pakietu \u201eGotowi na 55\u201d zaproponowano m.in. zmiany w&nbsp;przyj\u0119tym jeszcze w&nbsp;2005 r. unijnym systemie handlu uprawnieniami do emisji dwutlenku w\u0119gla (EU Emissions Trading System \u2013 EU ETS), polegaj\u0105ce m.in. na wycofaniu darmowych uprawnie\u0144 do emisji dla lotnictwa do 2026 roku<strong><em><a href=\"#przypisy\"><sup>[2]<\/sup><\/a><\/em><\/strong>. Obecnie do 2026 r. w\u0142\u0105cznie systemem ETS obj\u0119te s\u0105 tylko loty wewn\u0105trz EOG, aby da\u0107 ICAO czas na opracowanie i&nbsp;pe\u0142ne wprowadzenie mi\u0119dzynarodowego programu kompensacyjnego Carbon Offsetting and Reduction Scheme for International Aviation (CORSIA), kt\u00f3ry obejmuje loty i&nbsp;emisje z&nbsp;nimi zwi\u0105zane na trasach poza&nbsp;UE.<\/p>\n<p>W zwi\u0105zku z&nbsp;pakietem \u201eGotowi na 55\u201d opracowany zosta\u0142 tak\u017ce projekt ReFuelEU Aviation, kt\u00f3ry ma pom\u00f3c zmniejszy\u0107 \u015blad \u015brodowiskowy sektora lotniczego poprzez powszechne wdro\u017cenie zr\u00f3wnowa\u017conego paliwa lotniczego (<em>Sustainable&nbsp;Aviation&nbsp;Fue<\/em>l \u2013 SAF). Od 1&nbsp;stycznia 2025 r. minimalny udzia\u0142 SAF w&nbsp;mieszance paliwa tankowanego zosta\u0142 okre\u015blony&nbsp;na poziomie 2% i&nbsp;b\u0119dzie wzrasta\u0142 w&nbsp;spos\u00f3b przewidziany w&nbsp;regulacji wraz z&nbsp;up\u0142ywem lat.&nbsp;Rozporz\u0105dzenie zawiera tak\u017ce przepisy dotycz\u0105ce tzw. anti-tankeringu \u2013 za\u0142o\u017cenia, \u017ce roczna ilo\u015b\u0107 paliwa lotniczego pobieranego przez danego operatora statku powietrznego w&nbsp;danym unijnym porcie lotniczym wynosi co najmniej 90% wymaganego rocznego paliwa lotniczego.&nbsp;Obok ograniczonej dost\u0119pno\u015bci i&nbsp;aktualnej wysokiej ceny SAF jednym z&nbsp;istotnych wyzwa\u0144 jest dopuszczenie przez Komisj\u0119 Europejsk\u0105 stosowania systemu <em>book&amp;claim<\/em>, w&nbsp;ramach tzw. mechanizmu elastyczno\u015bci, aby umo\u017cliwi\u0107 dostawy SAF w&nbsp;UE bez fizycznego po\u0142\u0105czenia z&nbsp;miejscem ka\u017cdorazowego tankowania na ka\u017cdym wsp\u00f3lnotowym lotnisku. Mechanizm elastyczno\u015bci sam w&nbsp;sobie jest zaakceptowany przez Komisj\u0119 Europejsk\u0105 jako element ReFuelEU, jednak obecnie oczekujemy aktu delegowanego, uszczeg\u00f3\u0142owiaj\u0105cego jak dok\u0142adnie wygl\u0105da i&nbsp;funkcjonuje mechanizm.<\/p>\n\t\t\t\t\t\t<\/div>\n\t\t\t\t<\/div>\n\t\t\t\t<div class=\"elementor-element elementor-element-7368a39 elementor-widget elementor-widget-text-editor\" data-id=\"7368a39\" data-element_type=\"widget\" data-widget_type=\"text-editor.default\">\n\t\t\t\t<div class=\"elementor-widget-container\">\n\t\t\t\t\t\t\t<p><strong>Unijny kompas konkurencyjno\u015bci<\/strong><\/p>\n\t\t\t\t\t\t<\/div>\n\t\t\t\t<\/div>\n\t\t\t\t<div class=\"elementor-element elementor-element-a285e06 elementor-widget elementor-widget-text-editor\" data-id=\"a285e06\" data-element_type=\"widget\" data-widget_type=\"text-editor.default\">\n\t\t\t\t<div class=\"elementor-widget-container\">\n\t\t\t\t\t\t\t<p>Kwestie konkurencyjno\u015bci unijnej gospodarki nie pozosta\u0142y niezauwa\u017cone. We wrze\u015bniu&nbsp;2024 r., \u015bwiat\u0142o dzienne ujrza\u0142 tzw. Raport Draghiego, wzywaj\u0105cy do zwi\u0119kszenia konkurencyjno\u015bci UE oraz poluzowania ogranicze\u0144 biurokratycznych. W&nbsp;raporcie tym wskazano na poszerzaj\u0105c\u0105 si\u0119 luk\u0119 gospodarczej \u017cywotno\u015bci i&nbsp;atrakcyjno\u015bci mi\u0119dzy Uni\u0105 Europejsk\u0105 a&nbsp;USA i&nbsp;pa\u0144stwami azjatyckimi, na niekorzy\u015b\u0107 tej pierwszej.<\/p>\n\t\t\t\t\t\t<\/div>\n\t\t\t\t<\/div>\n\t\t\t\t\t<\/div>\n\t\t<\/div>\n\t\t\t\t<div class=\"elementor-column elementor-col-33 elementor-top-column elementor-element elementor-element-32aa9bc\" data-id=\"32aa9bc\" data-element_type=\"column\">\n\t\t\t<div class=\"elementor-widget-wrap elementor-element-populated\">\n\t\t\t\t\t\t<div class=\"elementor-element elementor-element-335ff59 elementor-widget elementor-widget-text-editor\" data-id=\"335ff59\" data-element_type=\"widget\" data-widget_type=\"text-editor.default\">\n\t\t\t\t<div class=\"elementor-widget-container\">\n\t\t\t\t\t\t\t<p>W zakresie sektora lotnictwa dokument stwierdza, \u017ce warunkiem koniecznym dla zachowania przez UE konkurencyjno\u015bci jest zagwarantowanie sprawnie funkcjonuj\u0105cej, innowacyjnej i&nbsp;prosperuj\u0105cej bran\u017cy transportowej. Jednocze\u015bnie wskazuje, \u017ce w&nbsp;horyzoncie 2050 roku dojdzie do znacz\u0105cego wzrostu popytu na podr\u00f3\u017ce lotnicze (79 proc. w&nbsp;stosunku do poziomu z&nbsp;2019 r. i&nbsp;oko\u0142o 50 proc. wzrostu zapotrzebowania w&nbsp;transporcie lotniczym). Tak wysoki poziom wzrostu przy jednoczesnej&nbsp;konieczno\u015bci realizacji kosztownego procesu dekarbonizacji sektora wymaga aktywnego dzia\u0142ania ze strony instytucji UE na rzecz wsparcia rodzimych przewo\u017anik\u00f3w lotniczych i&nbsp;lotnisk, tak aby mog\u0142y skutecznie konkurowa\u0107 z&nbsp;podmiotami spoza wsp\u00f3lnoty.<\/p>\n<p>Pod koniec stycznia 2025 r., Komisja Europejska opublikowa\u0142a za\u015b \u201eKompas konkurencyjno\u015bci dla UE\u201d (\u201eA Competitiveness Compass for the EU\u201d<strong><em><a href=\"#przypisy\" name=\"_ftnref1\"><sup>[3]<\/sup><\/a><\/em><\/strong>), nawi\u0105zuj\u0105cy do Raportu Draghiego, kt\u00f3ry wskazuje, \u017ce jej dzia\u0142ania b\u0119d\u0105 skupia\u0142y si\u0119 na eliminowaniu luki innowacyjnej, opracowaniu wsp\u00f3lnego planu dzia\u0142ania na rzecz dekarbonizacji oraz zmniejszeniu nadmiernych zale\u017cno\u015bci zewn\u0119trznych i&nbsp;zwi\u0119kszeniu bezpiecze\u0144stwa. Zapowiedziano tak\u017ce opracowanie za\u0142o\u017ce\u0144 <em>Clean Industrial Deal<\/em> (pierwszy kwarta\u0142 2025) oraz <em>Sustainable Transport Investment Plan<\/em> (trzeci kwarta\u0142 2025), w&nbsp;ramach kt\u00f3rych mog\u0105 si\u0119 znale\u017a\u0107 propozycje istotne dla lotnictwa i&nbsp;poprawy jego konkurencyjno\u015bci. Postanowienia zawarte w&nbsp;tych dokumentach b\u0119d\u0105 stanowi\u0107 o&nbsp;nowym strategicznym otwarciu gospodarczym UE i&nbsp;mog\u0105 zdefiniowa\u0107&nbsp;pozycj\u0119 konkurencyjn\u0105 europejskiego lotnictwa na kolejne dekady.<\/p>\n\t\t\t\t\t\t<\/div>\n\t\t\t\t<\/div>\n\t\t\t\t<div class=\"elementor-element elementor-element-b7e7c47 elementor-widget-divider--view-line elementor-widget elementor-widget-divider\" data-id=\"b7e7c47\" data-element_type=\"widget\" data-widget_type=\"divider.default\">\n\t\t\t\t<div class=\"elementor-widget-container\">\n\t\t\t\t\t<div class=\"elementor-divider\">\n\t\t\t<span class=\"elementor-divider-separator\">\n\t\t\t\t\t\t<\/span>\n\t\t<\/div>\n\t\t\t\t<\/div>\n\t\t\t\t<\/div>\n\t\t\t\t<div class=\"elementor-element elementor-element-173c66f elementor-widget elementor-widget-text-editor\" data-id=\"173c66f\" data-element_type=\"widget\" data-widget_type=\"text-editor.default\">\n\t\t\t\t<div class=\"elementor-widget-container\">\n\t\t\t\t\t\t\t<p><strong>Polska prezydencja w&nbsp;Radzie UE<\/strong><\/p>\n\t\t\t\t\t\t<\/div>\n\t\t\t\t<\/div>\n\t\t\t\t<div class=\"elementor-element elementor-element-190e5a2 elementor-widget elementor-widget-text-editor\" data-id=\"190e5a2\" data-element_type=\"widget\" data-widget_type=\"text-editor.default\">\n\t\t\t\t<div class=\"elementor-widget-container\">\n\t\t\t\t\t\t\t<p>Okazj\u0105 do podj\u0119cia w\u0105tk\u00f3w lotniczych, istotnych tak\u017ce dla funkcjonowania&nbsp;podmiot\u00f3w wchodz\u0105cych w&nbsp;sk\u0142ad Polskiej Grupy Lotniczej, jest&nbsp;trwaj\u0105ca od pocz\u0105tku stycznia polska prezydencja w&nbsp;Radzie Unii Europejskiej. W\u015br\u00f3d filar\u00f3w polskiej prezydencji znalaz\u0142o si\u0119 m.in. zapewnienie bezpiecze\u0144stwa i&nbsp;swobody dzia\u0142alno\u015bci gospodarczej, co ma oznacza\u0107 pog\u0142\u0119bienie jednolitego rynku, zmniejszenie obci\u0105\u017ce\u0144 biurokratycznych oraz przywracanie uczciwych warunk\u00f3w konkurencji na globalnym rynku dla przemys\u0142u Unii Europejskiej. Istotne maj\u0105 by\u0107 tak\u017ce kwestie transformacji energetycznej oraz zapewnienia bezpiecze\u0144stwa energetycznego<strong><em><a href=\"#przypisy\" name=\"_ftnref1\"><sup>[4]<\/sup><\/a><\/em><\/strong>.<\/p>\n<p>Polska Grupa Lotnicza aktywnie uczestniczy w&nbsp;dialogu publicznym w&nbsp;celu opracowania optymalnych \u015brodk\u00f3w, kt\u00f3re zajm\u0105 si\u0119 kwesti\u0105 konkurencyjno\u015bci sektora lotniczego UE. Takie zagadnienia, jak infrastruktura produkcji SAF (w Polsce nad uruchomieniem produkcji pracuje Orlen), obci\u0105\u017cenia fiskalne zwi\u0105zane z&nbsp;emisjami, udoskonalenie zarz\u0105dzania ruchem lotniczym, nale\u017c\u0105 do tych, kt\u00f3re wymagaj\u0105 dyskusji z&nbsp;instytucjami unijnymi oraz przedstawicielami sektora.<\/p>\n<p>Kwesti\u0105 istotn\u0105 dla konkurencyjno\u015bci lotnictwa europejskiego s\u0105 tak\u017ce wyzwania dotycz\u0105ce rozporz\u0105dzenia 261\/2004&nbsp;reguluj\u0105cego prawa pasa\u017cer\u00f3w. Bran\u017ca dostrzega&nbsp;konieczno\u015b\u0107 wyeliminowania rozbie\u017cno\u015bci w&nbsp;orzeczeniach s\u0105d\u00f3w krajowych i&nbsp;Europejskiego Trybuna\u0142u Sprawiedliwo\u015b\u0107 (TSUE) w&nbsp;tym zakresie, uproszczenia i&nbsp;ujednolicenia stosowania rozporz\u0105dzenia w&nbsp;UE, jak i&nbsp;zasadno\u015b\u0107 uregulowania dzia\u0142alno\u015bci firm po\u015brednicz\u0105cych (kt\u00f3re cz\u0119sto pobieraj\u0105 20\u200a\u2013\u200a50% odszkodowania nale\u017cnego pasa\u017cerowi). Europa ma mo\u017cliwo\u015b\u0107 jednoczesnego utrzymania swojego przyw\u00f3dztwa w&nbsp;redukcji emisji w&nbsp;lotnictwie, stania si\u0119 pot\u0119g\u0105 technologiczn\u0105 w&nbsp;dziedzinie zr\u00f3wnowa\u017conych technologii lotniczych oraz utrzymania swojego cenionego portfela linii lotniczych o&nbsp;wysokiej jako\u015bci i&nbsp;dost\u0119pno\u015bci. Jednak \u0142\u0105czne osi\u0105gni\u0119cie tych cel\u00f3w wymaga priorytetowego traktowania konkurencyjno\u015bci jako g\u0142\u00f3wnej wytycznej.<\/p>\n\t\t\t\t\t\t<\/div>\n\t\t\t\t<\/div>\n\t\t\t\t<div class=\"elementor-element elementor-element-7a1412e elementor-widget elementor-widget-image\" data-id=\"7a1412e\" data-element_type=\"widget\" data-widget_type=\"image.default\">\n\t\t\t\t<div class=\"elementor-widget-container\">\n\t\t\t\t\t\t\t\t\t\t\t\t\t<img decoding=\"async\" width=\"877\" height=\"1024\" src=\"https:\/\/pgl.pl\/wp-content\/uploads\/2025\/02\/eu-877x1024.png\" class=\"attachment-large size-large wp-image-8778\" alt srcset=\"https:\/\/pgl.pl\/wp-content\/uploads\/2025\/02\/eu-877x1024.png 877w, https:\/\/pgl.pl\/wp-content\/uploads\/2025\/02\/eu-257x300.png 257w, https:\/\/pgl.pl\/wp-content\/uploads\/2025\/02\/eu-768x897.png 768w, https:\/\/pgl.pl\/wp-content\/uploads\/2025\/02\/eu.png 980w\" sizes=\"(max-width: 877px) 100vw, 877px\">\t\t\t\t\t\t\t\t\t\t\t\t\t<\/div>\n\t\t\t\t<\/div>\n\t\t\t\t\t<\/div>\n\t\t<\/div>\n\t\t\t\t<div class=\"elementor-column elementor-col-33 elementor-top-column elementor-element elementor-element-1f9ef72\" data-id=\"1f9ef72\" data-element_type=\"column\">\n\t\t\t<div class=\"elementor-widget-wrap elementor-element-populated\">\n\t\t\t\t\t\t<div class=\"elementor-element elementor-element-5058132 elementor-widget elementor-widget-image\" data-id=\"5058132\" data-element_type=\"widget\" data-widget_type=\"image.default\">\n\t\t\t\t<div class=\"elementor-widget-container\">\n\t\t\t\t\t\t\t\t\t\t\t\t\t<img decoding=\"async\" width=\"563\" height=\"694\" src=\"https:\/\/pgl.pl\/wp-content\/uploads\/2025\/02\/gm.jpg\" class=\"attachment-full size-full wp-image-8226\" alt srcset=\"https:\/\/pgl.pl\/wp-content\/uploads\/2025\/02\/gm.jpg 563w, https:\/\/pgl.pl\/wp-content\/uploads\/2025\/02\/gm-243x300.jpg 243w\" sizes=\"(max-width: 563px) 100vw, 563px\">\t\t\t\t\t\t\t\t\t\t\t\t\t<\/div>\n\t\t\t\t<\/div>\n\t\t\t\t<div class=\"elementor-element elementor-element-11af065 elementor-widget elementor-widget-text-editor\" data-id=\"11af065\" data-element_type=\"widget\" data-widget_type=\"text-editor.default\">\n\t\t\t\t<div class=\"elementor-widget-container\">\n\t\t\t\t\t\t\t<p><em>Nasza perspektywa jako bran\u017cy i&nbsp;jako PLL LOT jest jasna. W&nbsp;pe\u0142ni uznajemy i&nbsp;popieramy konieczno\u015b\u0107 dzia\u0142a\u0144 dekarbonizacyjnych i&nbsp;uczynienie lotnictwa oraz szerzej \u2013 ca\u0142ego transportu i&nbsp;przemys\u0142u przyjaznym dla \u015brodowiska. Mamy te\u017c jednak&nbsp;pe\u0142n\u0105 \u015bwiadomo\u015b\u0107 koszt\u00f3w zwi\u0105zanych z&nbsp;transformacj\u0105 klimatyczn\u0105. Europa jest w&nbsp;awangardzie zmian w&nbsp;tym zakresie, ale dostrzegamy te\u017c, \u017ce obni\u017ca to konkurencyjno\u015b\u0107 europejskiego lotnictwa wzgl\u0119dem podmiot\u00f3w z&nbsp;innych region\u00f3w, kt\u00f3re nie musz\u0105 w&nbsp;tak szybkim tempie dostosowywa\u0107 si\u0119 do daleko id\u0105cych regulacji. Na konkurencyjno\u015b\u0107 przewo\u017anik\u00f3w unijnych wp\u0142ywaj\u0105 tak\u017ce kwestie zwi\u0105zane z&nbsp;przepisami w&nbsp;zakresie odszkodowa\u0144 dla pasa\u017cer\u00f3w czy zachwianie konkurencji wynikaj\u0105ce z&nbsp;zamkni\u0119cia przestrzeni powietrznej Rosji. Komisja Europejska planuje zmiany w&nbsp;regulacjach slotowych, rozporz\u0105dzeniu dotycz\u0105cym op\u0142at lotniskowych, dyrektywie handlingowej czy wreszcie rozporz\u0105dzeniu 1008\/2008 w&nbsp;sprawie wsp\u00f3lnych zasad wykonywania przewoz\u00f3w lotniczych na terenie Wsp\u00f3lnoty. Jeste\u015bmy przekonani, \u017ce w&nbsp;czasie polskiej prezydencji w&nbsp;Radzie Unii Europejskiej g\u0142os bran\u017cy w&nbsp;tych sprawach b\u0119dzie s\u0142yszalny. PLL LOT s\u0105 aktywnym cz\u0142onkiem IATA, jedn\u0105 z&nbsp;kluczowych linii w&nbsp;stowarzyszeniu Airlines International Representation in Europe czy wreszcie cz\u0142onkiem za\u0142o\u017cycielem dzia\u0142aj\u0105cego w&nbsp;Brukseli Zwi\u0105zku Pracodawc\u00f3w Business &amp;&nbsp;Science Poland. Skutecznie wykorzystujemy te platformy do komunikowania potrzeb bran\u017cy lotniczej i&nbsp;kszta\u0142towania przysz\u0142ych regulacji.<\/em><\/p>\n<p style=\"text-align: right;\"><em><strong>Grzegorz Michorek<\/strong><\/em><br><em>Zast\u0119pca Dyrektora Biura Siatki ds. Alians\u00f3w i&nbsp;Relacji Zewn\u0119trznych<\/em><br><em>Polskie Linie Lotnicze LOT<\/em><\/p>\n\t\t\t\t\t\t<\/div>\n\t\t\t\t<\/div>\n\t\t\t\t<div class=\"elementor-element elementor-element-ac81b01 elementor-widget elementor-widget-image\" data-id=\"ac81b01\" data-element_type=\"widget\" data-widget_type=\"image.default\">\n\t\t\t\t<div class=\"elementor-widget-container\">\n\t\t\t\t\t\t\t\t\t\t\t\t\t<img loading=\"lazy\" decoding=\"async\" width=\"453\" height=\"152\" src=\"https:\/\/pgl.pl\/wp-content\/uploads\/2025\/02\/quote.png\" class=\"attachment-large size-large wp-image-8058\" alt srcset=\"https:\/\/pgl.pl\/wp-content\/uploads\/2025\/02\/quote.png 453w, https:\/\/pgl.pl\/wp-content\/uploads\/2025\/02\/quote-300x101.png 300w\" sizes=\"(max-width: 453px) 100vw, 453px\">\t\t\t\t\t\t\t\t\t\t\t\t\t<\/div>\n\t\t\t\t<\/div>\n\t\t\t\t<div class=\"elementor-element elementor-element-9c039eb elementor-widget elementor-widget-text-editor\" data-id=\"9c039eb\" data-element_type=\"widget\" data-widget_type=\"text-editor.default\">\n\t\t\t\t<div class=\"elementor-widget-container\">\n\t\t\t\t\t\t\t<p style=\"text-align: left;\"><em>Podstaw\u0105 dzia\u0142a\u0144 zmierzaj\u0105cych do kszta\u0142towania \u015brodowiska regulacyjnego s\u0105 analizy i&nbsp;stanowiska przegotowane przez naszych ekspert\u00f3w z&nbsp;Biura Paliw, Biura Compliance, Prawnego czy Operacyjnego, jak r\u00f3wnie\u017c bezpo\u015brednio pochodz\u0105ce ze Sp\u00f3\u0142ek Grupy PGL.&nbsp;Materia\u0142y z&nbsp;jednostek merytorycznych s\u0105 zbierane, opracowywane, a&nbsp;nast\u0119pnie komunikowane starannie wybranymi kana\u0142ami przez Dzia\u0142 Alians\u00f3w i&nbsp;Relacji Zewn\u0119trznych dzia\u0142aj\u0105cy w&nbsp;ramach Biura Siatki. Przy tej okazji chcia\u0142bym wyrazi\u0107 szacunek dla profesjonalizmu, jako\u015bci wsp\u00f3\u0142pracy i&nbsp;wsparcia, jakie otrzymujemy w&nbsp;naszych dzia\u0142aniach.<\/em><\/p>\n\t\t\t\t\t\t<\/div>\n\t\t\t\t<\/div>\n\t\t\t\t<div class=\"elementor-element elementor-element-d0130f1 elementor-widget elementor-widget-text-editor\" data-id=\"d0130f1\" data-element_type=\"widget\" data-widget_type=\"text-editor.default\">\n\t\t\t\t<div class=\"elementor-widget-container\">\n\t\t\t\t\t\t\t<p style=\"text-align: left;\">Wybrane Unijne regulacja dla rynku lotniczego. Sprawd\u017a u&nbsp;\u017ar\u00f3d\u0142a<\/p>\n<p style=\"text-align: left;\"><strong>(i) Sustainability<\/strong><\/p>\n<ul style=\"text-align: left;\">\n<li><a href=\"https:\/\/eur-lex.europa.eu\/legal-content\/EN\/TXT\/PDF\/?uri=OJ:L_202401879\">Delegated Regulation on CORSIA reporting and non-CO2 emissions.<\/a><\/li>\n<li><a href=\"https:\/\/eur-lex.europa.eu\/legal-content\/EN\/TXT\/PDF\/?uri=OJ:L_202302405\">ReFuel EU Aviation Regulation<\/a><\/li>\n<li><a href=\"https:\/\/eur-lex.europa.eu\/legal-content\/EN\/TXT\/HTML\/?uri=CELEX:52021PC0563&amp;from=EN\">Energy Taxation Directive<\/a><\/li>\n<li><a href=\"https:\/\/www.europarl.europa.eu\/thinktank\/en\/document\/EPRS_BRI(2022)698890\">EU European Trading System<\/a>&nbsp;(ETS)<\/li>\n<li><a href=\"https:\/\/environment.ec.europa.eu\/publications\/proposal-directive-green-claims_en\">Green Claims Directive<\/a><\/li>\n<\/ul>\n<p style=\"text-align: left;\"><strong>(ii) Passenger rights<\/strong><\/p>\n<ul style=\"text-align: left;\">\n<li><a href=\"https:\/\/eur-lex.europa.eu\/legal-content\/EN\/TXT\/?uri=celex:52013PC0130\">Proposal for a&nbsp;Regulation amending Regulation 261\/2004 (launched in&nbsp;2013)<\/a><\/li>\n<li><a href=\"https:\/\/eur-lex.europa.eu\/legal-content\/EN\/TXT\/?uri=celex:52023PC0753\">Proposal for a&nbsp;Regulation amending Regulation (EC) No. 261\/2004 and Regulation (EC) No. 1107\/2006<\/a><\/li>\n<li><a href=\"https:\/\/eur-lex.europa.eu\/legal-content\/EN\/TXT\/?uri=celex:52023PC0752\">Proposal for Regulation on passenger rights in the context of multimodal journeys<\/a><\/li>\n<li><a href=\"https:\/\/eur-lex.europa.eu\/legal-content\/EN\/TXT\/?uri=COM%3A2023%3A905%3AFIN\">Proposal for Directive amending Directive (EU) 2015\/2302 to make the protection of travellers more effective&nbsp;<em>(Package Travel Directive)<\/em><\/a><\/li>\n<\/ul>\n<p style=\"text-align: left;\"><strong>(iii)&nbsp;Revision of airport legislation<\/strong><\/p>\n<ul style=\"text-align: left;\">\n<li><a href=\"https:\/\/eur-lex.europa.eu\/eli\/reg\/1993\/95\/oj\/eng\">Slot Regulation (EEC) No 95\/93<\/a><\/li>\n<li><a href=\"https:\/\/eur-lex.europa.eu\/eli\/dir\/1996\/67\/oj\/eng\">Ground handling Directive 96\/97\/EC<\/a><\/li>\n<li><a href=\"https:\/\/eur-lex.europa.eu\/eli\/dir\/2009\/12\/oj\/eng\">Airport Charges Directive 2009\/12\/EC<\/a><\/li>\n<\/ul>\n<p style=\"text-align: left;\"><strong>(iv) Air services<\/strong><\/p>\n<ul style=\"text-align: left;\">\n<li><a href=\"https:\/\/eur-lex.europa.eu\/eli\/reg\/2008\/1008\/oj\/eng\">Regulation (EC) No 1008\/2008 of the European Parliament and of the Council of 24 September 2008 on common rules for the operation of air services<\/a><\/li>\n<\/ul>\n<p style=\"text-align: left;\"><strong>(v) Competitiveness<\/strong><\/p>\n<ul style=\"text-align: left;\">\n<li><a href=\"https:\/\/commission.europa.eu\/document\/download\/10017eb1-4722-4333-add2-e0ed18105a34_en\">Competitiveness Compass<\/a><\/li>\n<li>Clean Industrial&nbsp;Deal&nbsp;<\/li>\n<\/ul>\n<p style=\"text-align: left;\"><strong>(vi) MDMS<\/strong><\/p>\n<p style=\"text-align: left;\"><a href=\"https:\/\/www.europarl.europa.eu\/legislative-train\/spotlight-JD%2023-24\/file-multimodal-digital-mobility-services\">Proposals on Multimodal Digital Mobility Services (MDMS) and the Single Digital Booking and Ticketing Regulation (SDBTR).<\/a><\/p>\n\t\t\t\t\t\t<\/div>\n\t\t\t\t<\/div>\n\t\t\t\t\t<\/div>\n\t\t<\/div>\n\t\t\t\t\t<\/div>\n\t\t<\/section>\n\t\t\t\t<section class=\"elementor-section elementor-top-section elementor-element elementor-element-53c877a elementor-section-boxed elementor-section-height-default elementor-section-height-default\" data-id=\"53c877a\" data-element_type=\"section\">\n\t\t\t\t\t\t<div class=\"elementor-container elementor-column-gap-default\">\n\t\t\t\t\t<div class=\"elementor-column elementor-col-50 elementor-top-column elementor-element elementor-element-c862411\" data-id=\"c862411\" data-element_type=\"column\">\n\t\t\t<div class=\"elementor-widget-wrap elementor-element-populated\">\n\t\t\t\t\t\t<div class=\"elementor-element elementor-element-678d5c0 elementor-position-left elementor-view-default elementor-mobile-position-top elementor-vertical-align-top elementor-widget elementor-widget-icon-box\" data-id=\"678d5c0\" data-element_type=\"widget\" data-widget_type=\"icon-box.default\">\n\t\t\t\t<div class=\"elementor-widget-container\">\n\t\t\t\t\t<div class=\"elementor-icon-box-wrapper\">\n\n\t\t\t\t\t\t<div class=\"elementor-icon-box-icon\">\n\t\t\t\t<a href=\"https:\/\/pgl.pl\/en\/bulletin-pgl-vol-2\/\" class=\"elementor-icon elementor-animation-\" tabindex=\"-1\">\n\t\t\t\t<svg aria-hidden=\"true\" class=\"e-font-icon-svg e-fas-backward\" viewBox=\"0 0 512 512\"><path d=\"M11.5 280.6l192 160c20.6 17.2 52.5 2.8 52.5-24.6V96c0-27.4-31.9-41.8-52.5-24.6l-192 160c-15.3 12.8-15.3 36.4 0 49.2zm256 0l192 160c20.6 17.2 52.5 2.8 52.5-24.6V96c0-27.4-31.9-41.8-52.5-24.6l-192 160c-15.3 12.8-15.3 36.4 0 49.2z\" \/><\/svg>\t\t\t\t<\/a>\n\t\t\t<\/div>\n\t\t\t\n\t\t\t\t\t\t<div class=\"elementor-icon-box-content\">\n\n\t\t\t\t\t\t\t\t\t<h3 class=\"elementor-icon-box-title\">\n\t\t\t\t\t\t<a href=\"https:\/\/pgl.pl\/en\/bulletin-pgl-vol-2\/\"> Wr\u00f3\u0107 do Strony G\u0142\u00f3wnej&nbsp;<\/a>\n\t\t\t\t\t<\/h3>\n\t\t\t\t\n\t\t\t\t\n\t\t\t<\/div>\n\t\t\t\n\t\t<\/div>\n\t\t\t\t<\/div>\n\t\t\t\t<\/div>\n\t\t\t\t\t<\/div>\n\t\t<\/div>\n\t\t\t\t<div class=\"elementor-column elementor-col-50 elementor-top-column elementor-element elementor-element-39f8a8c\" data-id=\"39f8a8c\" data-element_type=\"column\">\n\t\t\t<div class=\"elementor-widget-wrap\">\n\t\t\t\t\t\t\t<\/div>\n\t\t<\/div>\n\t\t\t\t\t<\/div>\n\t\t<\/section>\n\t\t\t\t<section class=\"elementor-section elementor-top-section elementor-element elementor-element-ef409a4 elementor-section-boxed elementor-section-height-default elementor-section-height-default\" data-id=\"ef409a4\" data-element_type=\"section\" id=\"przypisy\" data-settings=\"{&quot;background_background&quot;:&quot;classic&quot;}\">\n\t\t\t\t\t\t<div class=\"elementor-container elementor-column-gap-default\">\n\t\t\t\t\t<div class=\"elementor-column elementor-col-100 elementor-top-column elementor-element elementor-element-ba11161\" data-id=\"ba11161\" data-element_type=\"column\">\n\t\t\t<div class=\"elementor-widget-wrap elementor-element-populated\">\n\t\t\t\t\t\t<div class=\"elementor-element elementor-element-3cb9c8d elementor-widget elementor-widget-text-editor\" data-id=\"3cb9c8d\" data-element_type=\"widget\" data-widget_type=\"text-editor.default\">\n\t\t\t\t<div class=\"elementor-widget-container\">\n\t\t\t\t\t\t\t<p class=\"cvGsUA direction-ltr align-center para-style-body\" style=\"text-align: left;\"><strong><i>Przypisy:<\/i><\/strong><\/p>\n<p style=\"text-align: left;\">[1] \u0179r\u00f3d\u0142o danych: Aviation Benefits Beyond Borders 2024. Link: <a href=\"https:\/\/aviationbenefits.org\/around-the-world\/eu-27\/\">https:\/\/aviationbenefits.org\/around-the-world\/eu-27\/<\/a><u>.<\/u><\/p>\n<p style=\"text-align: left;\">[2] Zmniejszenie o&nbsp;25% w&nbsp;2024, o&nbsp;50% w&nbsp;2025 i&nbsp;o100% w&nbsp;2026 roku.<\/p>\n<p style=\"text-align: left;\">[3] \u0179r\u00f3d\u0142o: <a href=\"https:\/\/commission.europa.eu\/document\/download\/10017eb1-4722-4333-add2-e0ed18105a34_en\">https:\/\/commission.europa.eu\/document\/download\/10017eb1-4722\u200a\u2013\u200a4333-add2-e0ed18105a34_en<\/a>.<\/p>\n<p style=\"text-align: left;\">[4] \u0179r\u00f3d\u0142o: <a href=\"https:\/\/polish-presidency.consilium.europa.eu\/pl\/program\/priorytety-prezydencji\/\">https:\/\/polish-presidency.consilium.europa.eu\/pl\/program\/priorytety-prezydencji\/<\/a>.<\/p>\n\t\t\t\t\t\t<\/div>\n\t\t\t\t<\/div>\n\t\t\t\t\t<\/div>\n\t\t<\/div>\n\t\t\t\t\t<\/div>\n\t\t<\/section>\n\t\t\t\t<section class=\"elementor-section elementor-top-section elementor-element elementor-element-bee1343 elementor-section-boxed elementor-section-height-default elementor-section-height-default\" data-id=\"bee1343\" data-element_type=\"section\" data-settings=\"{&quot;background_background&quot;:&quot;classic&quot;}\">\n\t\t\t\t\t\t<div class=\"elementor-container elementor-column-gap-no\">\n\t\t\t\t\t<div class=\"elementor-column elementor-col-100 elementor-top-column elementor-element elementor-element-5d6f8d6\" data-id=\"5d6f8d6\" data-element_type=\"column\">\n\t\t\t<div class=\"elementor-widget-wrap elementor-element-populated\">\n\t\t\t\t\t\t<div class=\"elementor-element elementor-element-2b4f6db elementor-widget elementor-widget-image\" data-id=\"2b4f6db\" data-element_type=\"widget\" data-widget_type=\"image.default\">\n\t\t\t\t<div class=\"elementor-widget-container\">\n\t\t\t\t\t\t\t\t\t\t\t\t\t<img loading=\"lazy\" decoding=\"async\" width=\"4500\" height=\"567\" src=\"https:\/\/pgl.pl\/wp-content\/uploads\/2025\/01\/logo-blue.png\" class=\"attachment-full size-full wp-image-6894\" alt srcset=\"https:\/\/pgl.pl\/wp-content\/uploads\/2025\/01\/logo-blue.png 4500w, https:\/\/pgl.pl\/wp-content\/uploads\/2025\/01\/logo-blue-300x38.png 300w, https:\/\/pgl.pl\/wp-content\/uploads\/2025\/01\/logo-blue-1024x129.png 1024w, https:\/\/pgl.pl\/wp-content\/uploads\/2025\/01\/logo-blue-768x97.png 768w, https:\/\/pgl.pl\/wp-content\/uploads\/2025\/01\/logo-blue-1536x194.png 1536w, https:\/\/pgl.pl\/wp-content\/uploads\/2025\/01\/logo-blue-2048x258.png 2048w, https:\/\/pgl.pl\/wp-content\/uploads\/2025\/01\/logo-blue-1920x242.png 1920w\" sizes=\"(max-width: 4500px) 100vw, 4500px\">\t\t\t\t\t\t\t\t\t\t\t\t\t<\/div>\n\t\t\t\t<\/div>\n\t\t\t\t\t<\/div>\n\t\t<\/div>\n\t\t\t\t\t<\/div>\n\t\t<\/section>\n\t\t\t\t<section class=\"elementor-section elementor-top-section elementor-element elementor-element-155a15a elementor-section-boxed elementor-section-height-default elementor-section-height-default\" data-id=\"155a15a\" data-element_type=\"section\">\n\t\t\t\t\t\t<div class=\"elementor-container elementor-column-gap-default\">\n\t\t\t\t\t<div class=\"elementor-column elementor-col-100 elementor-top-column elementor-element elementor-element-b0fa5c6\" data-id=\"b0fa5c6\" data-element_type=\"column\">\n\t\t\t<div class=\"elementor-widget-wrap\">\n\t\t\t\t\t\t\t<\/div>\n\t\t<\/div>\n\t\t\t\t\t<\/div>\n\t\t<\/section>\n\t\t\t\t<\/div>\n\t\t","protected":false},"excerpt":{"rendered":"<p>Lotnictwo od lat pozostaje jedn\u0105 z&nbsp;najwa\u017cniejszych ga\u0142\u0119zi gospodarki Unii Europejskiej. W&nbsp;roku 2023[1]&nbsp;sektor zatrudnia\u0142 bezpo\u015brednio dwa miliony os\u00f3b, przynosz\u0105c 174&nbsp;mld&nbsp;[\u2026]<\/p>\n<div class=\"pvc_clear\"><\/div>\n<p id=\"pvc_stats_9163\" class=\"pvc_stats all  \" data-element-id=\"9163\" style><i class=\"pvc-stats-icon medium\" aria-hidden=\"true\"><svg version=\"1.0\" viewBox=\"0 0 502 315\" preserveAspectRatio=\"xMidYMid meet\"><g transform=\"translate(0,332) scale(0.1,-0.1)\" fill stroke=\"none\"><path d=\"M2394 3279 l-29 -30 -3 -207 c-2 -182 0 -211 15 -242 39 -76 157 -76 196 0 15 31 17 60 15 243 l-3 209 -33 29 c-26 23 -41 29 -80 29 -41 0 -53 -5 -78 -31z\" \/><path d=\"M3085 3251 c-45 -19 -58 -50 -96 -229 -47 -217 -49 -260 -13 -295 52 -53 146 -42 177 20 16 31 87 366 87 410 0 70 -86 122 -155 94z\" \/><path d=\"M1751 3234 c-13 -9 -29 -31 -37 -50 -12 -29 -10 -49 21 -204 19 -94 39 -189 45 -210 14 -50 54 -80 110 -80 34 0 48 6 76 34 21 21 34 44 34 59 0 14 -18 113 -40 219 -37 178 -43 195 -70 221 -36 32 -101 37 -139 11z\" \/><path d=\"M1163 3073 c-36 -7 -73 -59 -73 -102 0 -56 133 -378 171 -413 34 -32 83 -37 129 -13 70 36 67 87 -16 290 -86 209 -89 214 -129 231 -35 14 -42 15 -82 7z\" \/><path d=\"M3689 3066 c-15 -9 -33 -30 -42 -48 -48 -103 -147 -355 -147 -375 0 -98 131 -148 192 -74 13 15 57 108 97 206 80 196 84 226 37 273 -30 30 -99 39 -137 18z\" \/><path d=\"M583 2784 c-38 -19 -67 -74 -58 -113 9 -42 211 -354 242 -373 16 -10 45 -18 66 -18 51 0 107 52 107 100 0 39 -1 41 -124 234 -80 126 -108 162 -133 173 -41 17 -61 16 -100 -3z\" \/><path d=\"M4250 2784 c-14 -9 -74 -91 -133 -183 -95 -150 -107 -173 -107 -213 0 -55 33 -94 87 -104 67 -13 90 8 211 198 130 202 137 225 78 284 -27 27 -42 34 -72 34 -22 0 -50 -8 -64 -16z\" \/><path d=\"M2275 2693 c-553 -48 -1095 -270 -1585 -649 -135 -104 -459 -423 -483 -476 -23 -49 -22 -139 2 -186 73 -142 361 -457 571 -626 285 -228 642 -407 990 -497 242 -63 336 -73 660 -74 310 0 370 5 595 52 535 111 1045 392 1455 803 122 121 250 273 275 326 19 41 19 137 0 174 -41 79 -309 363 -465 492 -447 370 -946 591 -1479 653 -113 14 -422 18 -536 8z m395 -428 c171 -34 330 -124 456 -258 112 -119 167 -219 211 -378 27 -96 24 -300 -5 -401 -72 -255 -236 -447 -474 -557 -132 -62 -201 -76 -368 -76 -167 0 -236 14 -368 76 -213 98 -373 271 -451 485 -162 444 86 934 547 1084 153 49 292 57 452 25z m909 -232 c222 -123 408 -262 593 -441 76 -74 138 -139 138 -144 0 -16 -233 -242 -330 -319 -155 -123 -309 -223 -461 -299 l-81 -41 32 46 c18 26 49 83 70 128 143 306 141 649 -6 957 -25 52 -61 116 -79 142 l-34 47 45 -20 c26 -10 76 -36 113 -56z m-2057 25 c-40 -58 -105 -190 -130 -263 -110 -324 -59 -707 132 -981 25 -35 42 -64 37 -64 -19 0 -241 119 -326 174 -188 122 -406 314 -532 468 l-58 71 108 103 c185 178 428 349 672 473 66 33 121 60 123 61 2 0 -10 -19 -26 -42z\" \/><path d=\"M2375 1950 c-198 -44 -350 -190 -395 -379 -18 -76 -8 -221 19 -290 114 -284 457 -406 731 -260 98 52 188 154 231 260 27 69 37 214 19 290 -38 163 -166 304 -326 360 -67 23 -215 33 -279 19z\" \/><\/g><\/svg><\/i> <img loading=\"lazy\" decoding=\"async\" width=\"16\" height=\"16\" alt=\"Loading\" src=\"https:\/\/pgl.pl\/wp-content\/plugins\/page-views-count\/ajax-loader-2x.gif\" border=\"0\"><\/p>\n<div class=\"pvc_clear\"><\/div>\n","protected":false},"author":2,"featured_media":0,"parent":9040,"menu_order":0,"comment_status":"closed","ping_status":"closed","template":"elementor_canvas","meta":{"_acf_changed":false,"_editorskit_title_hidden":false,"_editorskit_reading_time":0,"_editorskit_is_block_options_detached":false,"_editorskit_block_options_position":"{}","inline_featured_image":false,"wp_typography_post_enhancements_disabled":false,"_monsterinsights_skip_tracking":false,"_monsterinsights_sitenote_active":false,"_monsterinsights_sitenote_note":"","_monsterinsights_sitenote_category":0,"footnotes":""},"class_list":["post-9163","page","type-page","status-publish","hentry"],"acf":[],"yoast_head":"<!-- This site is optimized with the Yoast SEO plugin v25.3.1 - https:\/\/yoast.com\/wordpress\/plugins\/seo\/ -->\n<title>EU Aviation Competitiveness and Environmental Challenges: Prospects for the Polish Presidency - Polska Grupa Lotnicza - Integrator podmiot\u00f3w sektora lotniczego<\/title>\n<meta name=\"robots\" content=\"index, follow, max-snippet:-1, max-image-preview:large, max-video-preview:-1\" \/>\n<link rel=\"canonical\" href=\"https:\/\/pgl.pl\/en\/bulletin-pgl-vol-2\/eu-aviation-competitiveness-and-environmental-challenges-prospects-for-the-polish-presidency-2\/\" \/>\n<meta property=\"og:locale\" content=\"en_US\" \/>\n<meta property=\"og:type\" content=\"article\" \/>\n<meta property=\"og:title\" content=\"EU Aviation Competitiveness and Environmental Challenges: Prospects for the Polish Presidency - Polska Grupa Lotnicza - Integrator podmiot\u00f3w sektora lotniczego\" \/>\n<meta property=\"og:description\" content=\"Lotnictwo od lat pozostaje jedn\u0105 z&nbsp;najwa\u017cniejszych ga\u0142\u0119zi gospodarki Unii Europejskiej. W&nbsp;roku 2023[1]&nbsp;sektor zatrudnia\u0142 bezpo\u015brednio dwa miliony os\u00f3b, przynosz\u0105c 174 mld [&hellip;]\" \/>\n<meta property=\"og:url\" content=\"https:\/\/pgl.pl\/en\/bulletin-pgl-vol-2\/eu-aviation-competitiveness-and-environmental-challenges-prospects-for-the-polish-presidency-2\/\" \/>\n<meta property=\"og:site_name\" content=\"Polska Grupa Lotnicza - Integrator podmiot\u00f3w sektora lotniczego\" \/>\n<meta property=\"article:modified_time\" content=\"2025-03-26T11:15:04+00:00\" \/>\n<meta property=\"og:image\" content=\"https:\/\/pgl.pl\/wp-content\/uploads\/2025\/02\/konkurencyjnosc.png\" \/>\n<meta name=\"twitter:card\" content=\"summary_large_image\" \/>\n<meta name=\"twitter:label1\" content=\"Est. reading time\" \/>\n\t<meta name=\"twitter:data1\" content=\"8 minutes\" \/>\n<script type=\"application\/ld+json\" class=\"yoast-schema-graph\">{\"@context\":\"https:\/\/schema.org\",\"@graph\":[{\"@type\":\"WebPage\",\"@id\":\"https:\/\/pgl.pl\/en\/bulletin-pgl-vol-2\/eu-aviation-competitiveness-and-environmental-challenges-prospects-for-the-polish-presidency-2\/\",\"url\":\"https:\/\/pgl.pl\/en\/bulletin-pgl-vol-2\/eu-aviation-competitiveness-and-environmental-challenges-prospects-for-the-polish-presidency-2\/\",\"name\":\"EU Aviation Competitiveness and Environmental Challenges: Prospects for the Polish Presidency - Polska Grupa Lotnicza - Integrator podmiot\u00f3w sektora lotniczego\",\"isPartOf\":{\"@id\":\"https:\/\/pgl.pl\/#website\"},\"primaryImageOfPage\":{\"@id\":\"https:\/\/pgl.pl\/en\/bulletin-pgl-vol-2\/eu-aviation-competitiveness-and-environmental-challenges-prospects-for-the-polish-presidency-2\/#primaryimage\"},\"image\":{\"@id\":\"https:\/\/pgl.pl\/en\/bulletin-pgl-vol-2\/eu-aviation-competitiveness-and-environmental-challenges-prospects-for-the-polish-presidency-2\/#primaryimage\"},\"thumbnailUrl\":\"https:\/\/pgl.pl\/wp-content\/uploads\/2025\/02\/konkurencyjnosc.png\",\"datePublished\":\"2025-03-26T11:15:01+00:00\",\"dateModified\":\"2025-03-26T11:15:04+00:00\",\"breadcrumb\":{\"@id\":\"https:\/\/pgl.pl\/en\/bulletin-pgl-vol-2\/eu-aviation-competitiveness-and-environmental-challenges-prospects-for-the-polish-presidency-2\/#breadcrumb\"},\"inLanguage\":\"en-US\",\"potentialAction\":[{\"@type\":\"ReadAction\",\"target\":[\"https:\/\/pgl.pl\/en\/bulletin-pgl-vol-2\/eu-aviation-competitiveness-and-environmental-challenges-prospects-for-the-polish-presidency-2\/\"]}]},{\"@type\":\"ImageObject\",\"inLanguage\":\"en-US\",\"@id\":\"https:\/\/pgl.pl\/en\/bulletin-pgl-vol-2\/eu-aviation-competitiveness-and-environmental-challenges-prospects-for-the-polish-presidency-2\/#primaryimage\",\"url\":\"https:\/\/pgl.pl\/wp-content\/uploads\/2025\/02\/konkurencyjnosc.png\",\"contentUrl\":\"https:\/\/pgl.pl\/wp-content\/uploads\/2025\/02\/konkurencyjnosc.png\"},{\"@type\":\"BreadcrumbList\",\"@id\":\"https:\/\/pgl.pl\/en\/bulletin-pgl-vol-2\/eu-aviation-competitiveness-and-environmental-challenges-prospects-for-the-polish-presidency-2\/#breadcrumb\",\"itemListElement\":[{\"@type\":\"ListItem\",\"position\":1,\"name\":\"Home\",\"item\":\"https:\/\/pgl.pl\/en\/\"},{\"@type\":\"ListItem\",\"position\":2,\"name\":\"Bulletin PGL vol 2\",\"item\":\"https:\/\/pgl.pl\/biuletyn-pgl-vol2\/\"},{\"@type\":\"ListItem\",\"position\":3,\"name\":\"EU Aviation Competitiveness and Environmental Challenges: Prospects for the Polish Presidency\"}]},{\"@type\":\"WebSite\",\"@id\":\"https:\/\/pgl.pl\/#website\",\"url\":\"https:\/\/pgl.pl\/\",\"name\":\"Polska Grupa Lotnicza - Integrator podmiot\u00f3w sektora lotniczego\",\"description\":\"\",\"potentialAction\":[{\"@type\":\"SearchAction\",\"target\":{\"@type\":\"EntryPoint\",\"urlTemplate\":\"https:\/\/pgl.pl\/?s={search_term_string}\"},\"query-input\":{\"@type\":\"PropertyValueSpecification\",\"valueRequired\":true,\"valueName\":\"search_term_string\"}}],\"inLanguage\":\"en-US\"}]}<\/script>\n<!-- \/ Yoast SEO plugin. -->","yoast_head_json":{"title":"EU Aviation Competitiveness and Environmental Challenges: Prospects for the Polish Presidency - Polska Grupa Lotnicza - Integrator podmiot\u00f3w sektora lotniczego","robots":{"index":"index","follow":"follow","max-snippet":"max-snippet:-1","max-image-preview":"max-image-preview:large","max-video-preview":"max-video-preview:-1"},"canonical":"https:\/\/pgl.pl\/en\/bulletin-pgl-vol-2\/eu-aviation-competitiveness-and-environmental-challenges-prospects-for-the-polish-presidency-2\/","og_locale":"en_US","og_type":"article","og_title":"EU Aviation Competitiveness and Environmental Challenges: Prospects for the Polish Presidency - Polska Grupa Lotnicza - Integrator podmiot\u00f3w sektora lotniczego","og_description":"Lotnictwo od lat pozostaje jedn\u0105 z&nbsp;najwa\u017cniejszych ga\u0142\u0119zi gospodarki Unii Europejskiej. W&nbsp;roku 2023[1]&nbsp;sektor zatrudnia\u0142 bezpo\u015brednio dwa miliony os\u00f3b, przynosz\u0105c 174 mld [&hellip;]","og_url":"https:\/\/pgl.pl\/en\/bulletin-pgl-vol-2\/eu-aviation-competitiveness-and-environmental-challenges-prospects-for-the-polish-presidency-2\/","og_site_name":"Polska Grupa Lotnicza - Integrator podmiot\u00f3w sektora lotniczego","article_modified_time":"2025-03-26T11:15:04+00:00","og_image":[{"url":"https:\/\/pgl.pl\/wp-content\/uploads\/2025\/02\/konkurencyjnosc.png","type":"","width":"","height":""}],"twitter_card":"summary_large_image","twitter_misc":{"Est. reading time":"8 minutes"},"schema":{"@context":"https:\/\/schema.org","@graph":[{"@type":"WebPage","@id":"https:\/\/pgl.pl\/en\/bulletin-pgl-vol-2\/eu-aviation-competitiveness-and-environmental-challenges-prospects-for-the-polish-presidency-2\/","url":"https:\/\/pgl.pl\/en\/bulletin-pgl-vol-2\/eu-aviation-competitiveness-and-environmental-challenges-prospects-for-the-polish-presidency-2\/","name":"EU Aviation Competitiveness and Environmental Challenges: Prospects for the Polish Presidency - Polska Grupa Lotnicza - Integrator podmiot\u00f3w sektora lotniczego","isPartOf":{"@id":"https:\/\/pgl.pl\/#website"},"primaryImageOfPage":{"@id":"https:\/\/pgl.pl\/en\/bulletin-pgl-vol-2\/eu-aviation-competitiveness-and-environmental-challenges-prospects-for-the-polish-presidency-2\/#primaryimage"},"image":{"@id":"https:\/\/pgl.pl\/en\/bulletin-pgl-vol-2\/eu-aviation-competitiveness-and-environmental-challenges-prospects-for-the-polish-presidency-2\/#primaryimage"},"thumbnailUrl":"https:\/\/pgl.pl\/wp-content\/uploads\/2025\/02\/konkurencyjnosc.png","datePublished":"2025-03-26T11:15:01+00:00","dateModified":"2025-03-26T11:15:04+00:00","breadcrumb":{"@id":"https:\/\/pgl.pl\/en\/bulletin-pgl-vol-2\/eu-aviation-competitiveness-and-environmental-challenges-prospects-for-the-polish-presidency-2\/#breadcrumb"},"inLanguage":"en-US","potentialAction":[{"@type":"ReadAction","target":["https:\/\/pgl.pl\/en\/bulletin-pgl-vol-2\/eu-aviation-competitiveness-and-environmental-challenges-prospects-for-the-polish-presidency-2\/"]}]},{"@type":"ImageObject","inLanguage":"en-US","@id":"https:\/\/pgl.pl\/en\/bulletin-pgl-vol-2\/eu-aviation-competitiveness-and-environmental-challenges-prospects-for-the-polish-presidency-2\/#primaryimage","url":"https:\/\/pgl.pl\/wp-content\/uploads\/2025\/02\/konkurencyjnosc.png","contentUrl":"https:\/\/pgl.pl\/wp-content\/uploads\/2025\/02\/konkurencyjnosc.png"},{"@type":"BreadcrumbList","@id":"https:\/\/pgl.pl\/en\/bulletin-pgl-vol-2\/eu-aviation-competitiveness-and-environmental-challenges-prospects-for-the-polish-presidency-2\/#breadcrumb","itemListElement":[{"@type":"ListItem","position":1,"name":"Home","item":"https:\/\/pgl.pl\/en\/"},{"@type":"ListItem","position":2,"name":"Bulletin PGL vol 2","item":"https:\/\/pgl.pl\/biuletyn-pgl-vol2\/"},{"@type":"ListItem","position":3,"name":"EU Aviation Competitiveness and Environmental Challenges: Prospects for the Polish Presidency"}]},{"@type":"WebSite","@id":"https:\/\/pgl.pl\/#website","url":"https:\/\/pgl.pl\/","name":"Polska Grupa Lotnicza - Integrator podmiot\u00f3w sektora lotniczego","description":"","potentialAction":[{"@type":"SearchAction","target":{"@type":"EntryPoint","urlTemplate":"https:\/\/pgl.pl\/?s={search_term_string}"},"query-input":{"@type":"PropertyValueSpecification","valueRequired":true,"valueName":"search_term_string"}}],"inLanguage":"en-US"}]}},"_links":{"self":[{"href":"https:\/\/pgl.pl\/en\/wp-json\/wp\/v2\/pages\/9163","targetHints":{"allow":["GET"]}}],"collection":[{"href":"https:\/\/pgl.pl\/en\/wp-json\/wp\/v2\/pages"}],"about":[{"href":"https:\/\/pgl.pl\/en\/wp-json\/wp\/v2\/types\/page"}],"author":[{"embeddable":true,"href":"https:\/\/pgl.pl\/en\/wp-json\/wp\/v2\/users\/2"}],"replies":[{"embeddable":true,"href":"https:\/\/pgl.pl\/en\/wp-json\/wp\/v2\/comments?post=9163"}],"version-history":[{"count":1,"href":"https:\/\/pgl.pl\/en\/wp-json\/wp\/v2\/pages\/9163\/revisions"}],"predecessor-version":[{"id":9164,"href":"https:\/\/pgl.pl\/en\/wp-json\/wp\/v2\/pages\/9163\/revisions\/9164"}],"up":[{"embeddable":true,"href":"https:\/\/pgl.pl\/en\/wp-json\/wp\/v2\/pages\/9040"}],"wp:attachment":[{"href":"https:\/\/pgl.pl\/en\/wp-json\/wp\/v2\/media?parent=9163"}],"curies":[{"name":"wp","href":"https:\/\/api.w.org\/{rel}","templated":true}]}}